{"id":4142,"date":"2015-04-28T09:21:00","date_gmt":"2015-04-28T09:21:00","guid":{"rendered":"http:\/\/www.fondation-pierredubois.ch\/?page_id=4142"},"modified":"2017-05-29T07:47:58","modified_gmt":"2017-05-29T07:47:58","slug":"conference-annuelle-2010-par-m-daniel-cohn-bendit","status":"publish","type":"page","link":"https:\/\/www.fondation-pierredubois.ch\/fr\/conference-annuelle-2010-par-m-daniel-cohn-bendit\/","title":{"rendered":"La conf\u00e9rence annuelle Pierre du Bois 2010 par Daniel Cohn-Bendit"},"content":{"rendered":"<h3>L&#8217;Europe post-nationale: un d\u00e9fi, une chance, un espoir?<\/h3>\n<p><strong>20 mai 2010<\/strong><\/p>\n<p><strong><a href=\"http:\/\/www.fondation-pierredubois.ch\/images\/stories\/fonddubois_logo2coul.jpg\"><img decoding=\"async\" title=\"fonddubois_logo2coul.jpg\" src=\"http:\/\/www.fondation-pierredubois.ch\/images\/stories\/fonddubois_logo2coul.jpg\" alt=\"fonddubois_logo2coul.jpg\" \/><\/a><a href=\"http:\/\/www.fondation-pierredubois.ch\/images\/stories\/images\/GRADUATE_NEW_LOGO.jpg\"><img decoding=\"async\" src=\"http:\/\/www.fondation-pierredubois.ch\/images\/stories\/images\/GRADUATE_NEW_LOGO.jpg\" alt=\"GRADUATE NEW LOGO\" \/><\/a><\/strong><\/p>\n<p>&nbsp;<\/p>\n<p>La conf\u00e9rence annuelle Pierre du Bois, organis\u00e9e ensemble avec l&#8217;Institut de hautes \u00e9tudes internationales et du d\u00e9veloppement, a \u00e9t\u00e9 donn\u00e9e par<\/p>\n<p>&nbsp;<\/p>\n<p>Daniel Cohn-Bendit<\/p>\n<p>&nbsp;<\/p>\n<p>sur\u00a0&#8220;L&#8217;Europe post-nationale: un d\u00e9fi, une chance, un espoir?&#8221;<\/p>\n<p>Elle a \u00e9t\u00e9 un grand succ\u00e8s et a r\u00e9uni plus de 500 personnes.<\/p>\n<p>&nbsp;<\/p>\n<p><a href=\"http:\/\/www.fondation-pierredubois.ch\/images\/stories\/cohn_bendit_20_mai_2010\/dsc8552.jpg\"><img decoding=\"async\" title=\"dsc8552.jpg\" src=\"http:\/\/www.fondation-pierredubois.ch\/wp-content\/uploads\/2015\/03\/dsc8552.jpg\" alt=\"dsc8552.jpg\" \/><\/a>\u00a0<a href=\"http:\/\/www.fondation-pierredubois.ch\/images\/stories\/cohn_bendit_20_mai_2010\/dsc8458.jpg\"><img decoding=\"async\" title=\"dsc8458.jpg\" src=\"http:\/\/www.fondation-pierredubois.ch\/wp-content\/uploads\/2009\/05\/dsc8458.jpg\" alt=\"dsc8458.jpg\" \/><\/a>\u00a0<a href=\"http:\/\/www.fondation-pierredubois.ch\/images\/stories\/cohn_bendit_20_mai_2010\/dsc8461.jpg\"><img decoding=\"async\" title=\"dsc8461.jpg\" src=\"http:\/\/www.fondation-pierredubois.ch\/images\/stories\/cohn_bendit_20_mai_2010\/dsc8461.jpg\" alt=\"dsc8461.jpg\" \/><\/a><\/p>\n<p>&nbsp;<\/p>\n<p>&nbsp;<\/p>\n<p><a href=\"http:\/\/www.fondation-pierredubois.ch\/wp-content\/uploads\/2015\/03\/cohn-bendit_v3.pdf\">Lire le compte-rendu<\/a><\/p>\n<p><a href=\"http:\/\/www.fondation-pierredubois.ch\/annual-lectures\/conference-annuelle-2010-par-m-daniel-cohn-bendit\/videocb\/\">Voir la vid\u00e9o de la conf\u00e9rence de M. Daniel Cohn-Bendit, des introductions de Mme Irina du Bois et de M. Roger de Weck et des questions\/r\u00e9ponses<\/a><\/p>\n<p><a href=\"http:\/\/www.fondation-pierredubois.ch\/fr\/conference-annuelle-2010-par-m-daniel-cohn-bendit\/galerie-photos-de-la-conference-daniel-cohn-bendit\/\">Voir la galerie photos<\/a><\/p>\n<p><a href=\"http:\/\/m.letemps.ch\/Page\/Uuid\/d857a0ba-6385-11df-82f9-482adafcff89\/R%C3%A9former_lEurope_pas_l%C3%A9trangler\">Voir l&#8217;article paru dans \u00ab Le Temps \u00bb du 20 mai 2010<\/a><\/p>\n<p><a href=\"http:\/\/www.tsr.ch\/video\/info\/journal-19h30\/1993914-entretien-avec-daniel-cohn-bendit-sur-les-crises-que-connaissent-le-suisse-et-l-union-europeenne.html#id=1993914\">Voir l&#8217;interview \u00e0 la TSR (T\u00e9l\u00e9vision Suisse Romande) du 20 mai 2010<\/a><\/p>\n<p><a href=\"http:\/\/real.xobix.ch\/ramgen\/rsr\/rsr1\/journal_du_matin_0715\/2010\/journal-du-matin-07-15-08-3520100521-065800-56k-001.rm?start=00:22:36.224&amp;end=00:25:44.185\">Voir l&#8217;interview avec la RSR (Radio Suisse Romande) du 21 mai 2010<\/a><\/p>\n<p><a href=\"http:\/\/www.fondation-pierredubois.ch\/annual-lectures\/conference-annuelle-2010-par-m-daniel-cohn-bendit\/cvcb\/\">Voir le CV de M. Daniel Cohn-Bendit<\/a><\/p>\n<p>&nbsp;<\/p>\n","protected":false},"excerpt":{"rendered":"<p class=\"excerpt\">L&#8217;Europe post-nationale: un d\u00e9fi, une chance, un espoir? 20 mai 2010 &nbsp; La conf\u00e9rence annuelle Pierre du Bois, organis\u00e9e ensemble avec l&#8217;Institut de hautes \u00e9tudes internationales et du d\u00e9veloppement, a \u00e9t\u00e9 donn\u00e9e par &nbsp; Daniel Cohn-Bendit &nbsp; sur\u00a0&#8220;L&#8217;Europe post-nationale: un d\u00e9fi, une chance, un espoir?&#8221; Elle a \u00e9t\u00e9 un grand succ\u00e8s et a r\u00e9uni plus de 500 personnes. &nbsp; \u00a0\u00a0&hellip; <a href=\"https:\/\/www.fondation-pierredubois.ch\/fr\/conference-annuelle-2010-par-m-daniel-cohn-bendit\/\">Read more &rarr;<\/a><\/p>\n","protected":false},"author":55,"featured_media":2556,"parent":0,"menu_order":3,"comment_status":"closed","ping_status":"closed","template":"","meta":{"footnotes":""},"class_list":["post-4142","page","type-page","status-publish","has-post-thumbnail","hentry","xfolkentry"],"_links":{"self":[{"href":"https:\/\/www.fondation-pierredubois.ch\/fr\/wp-json\/wp\/v2\/pages\/4142","targetHints":{"allow":["GET"]}}],"collection":[{"href":"https:\/\/www.fondation-pierredubois.ch\/fr\/wp-json\/wp\/v2\/pages"}],"about":[{"href":"https:\/\/www.fondation-pierredubois.ch\/fr\/wp-json\/wp\/v2\/types\/page"}],"author":[{"embeddable":true,"href":"https:\/\/www.fondation-pierredubois.ch\/fr\/wp-json\/wp\/v2\/users\/55"}],"replies":[{"embeddable":true,"href":"https:\/\/www.fondation-pierredubois.ch\/fr\/wp-json\/wp\/v2\/comments?post=4142"}],"version-history":[{"count":9,"href":"https:\/\/www.fondation-pierredubois.ch\/fr\/wp-json\/wp\/v2\/pages\/4142\/revisions"}],"predecessor-version":[{"id":9739,"href":"https:\/\/www.fondation-pierredubois.ch\/fr\/wp-json\/wp\/v2\/pages\/4142\/revisions\/9739"}],"wp:featuredmedia":[{"embeddable":true,"href":"https:\/\/www.fondation-pierredubois.ch\/fr\/wp-json\/wp\/v2\/media\/2556"}],"wp:attachment":[{"href":"https:\/\/www.fondation-pierredubois.ch\/fr\/wp-json\/wp\/v2\/media?parent=4142"}],"curies":[{"name":"wp","href":"https:\/\/api.w.org\/{rel}","templated":true}]}}