{"id":4095,"date":"2015-04-27T15:18:53","date_gmt":"2015-04-27T15:18:53","guid":{"rendered":"http:\/\/www.fondation-pierredubois.ch\/?page_id=4095"},"modified":"2017-04-20T15:03:03","modified_gmt":"2017-04-20T15:03:03","slug":"ceremonie-en-hommage-a-pierre-du-bois","status":"publish","type":"page","link":"https:\/\/www.fondation-pierredubois.ch\/fr\/ceremonie-en-hommage-a-pierre-du-bois\/","title":{"rendered":"C\u00e9r\u00e9monie en hommage \u00e0 Pierre du Bois"},"content":{"rendered":"<table class=\"contentpaneopen\" style=\"width: 675px; line-height: 16.7999992370605px; color: rgb(0, 0, 0); font-family: Arial, sans-serif; font-size: 12px; text-align: justify;\">\n<tbody>\n<tr>\n<td style=\"padding: 0px; margin: 0px; border-collapse: collapse;\" valign=\"top\">\n<h2 style=\"padding: 0px; margin: 0px 0px 7px; color: rgb(207, 25, 48); font-size: 1.45em;\">\n\t\t\t\t\tHEI, Gen&egrave;ve, 9 octobre 2007<br \/>\n\t\t\t\t<\/h2>\n<p style=\"padding: 0px; margin: 0px 0px 7px;\">\n\t\t\t\t\t&nbsp;\n\t\t\t\t<\/p>\n<p style=\"padding: 0px; margin: 0px 0px 7px;\">\n\t\t\t\t\t<span style=\"color:#646464;\">Pierre et moi nous nous sommes connus en juin 1968 &agrave; Lausanne. Il avait 25 ans, avait obtenu une premi&egrave;re licence en sciences politiques et &eacute;tait en train de terminer sa deuxi&egrave;me licence en lettres. Moi-m&ecirc;me j&rsquo;avais 21 &frac12; ans et j&rsquo;&eacute;tais &eacute;tudiante en 2&egrave;me ann&eacute;e de chimie &agrave; l&rsquo;Ecole Polytechnique. Nous avons failli ne pas nous rencontrer : Pierre rentrait de Paris, o&ugrave; il s&rsquo;&eacute;tait fait tabasser dans le cadre des manifestations de mai 1968, il avait quelque peu oubli&eacute; l&rsquo;invitation de ce soir-l&agrave; &ndash; une surprise party chez une amie, une sur-boum comme on disait alors &ndash; et &ccedil;a n&rsquo;est qu&rsquo;en mettant de l&rsquo;ordre dans les papiers sur son bureau qu&rsquo;il finit par retrouver in extremis le carton d&rsquo;invitation et qu&rsquo;il d&eacute;cida de s&rsquo;y rendre. Moi-m&ecirc;me j&rsquo;h&eacute;sitais d&rsquo;y aller car il y avait le m&ecirc;me soir des manifestations &agrave; l&rsquo;EPUL &ndash; bien faibles copies des manifestations parisiennes &ndash; finalement la surboum l&rsquo;emporta.<\/span>\n\t\t\t\t<\/p>\n<p style=\"padding: 0px; margin: 0px 0px 7px;\">\n\t\t\t\t\t<span style=\"color:#646464;\">Nous nous sommes tout de suite retrouv&eacute;s par hasard l&rsquo;un &agrave; c&ocirc;t&eacute; de l&rsquo;autre, il portait une belle cravate bleue qui est toujours dans nos armoires. Je lui demandai ce qu&rsquo;il faisait dans la vie et il me r&eacute;pondit &laquo; Commissaire de police &raquo;. Lorsque, &agrave; son tour, il me demanda ce que moi je faisais dans la vie je lui r&eacute;pondis : &laquo; Vous avez le choix : soit je vous raconte moi aussi un mensonge, comme vous venez de le faire, soit je vous dis la v&eacute;rit&eacute; &raquo;. Cette entr&eacute;e en mati&egrave;re a d&ucirc; lui plaire, elle m&rsquo;a plu assur&eacute;ment. Ont suivi 39 ans, presque jour pour jour, d&rsquo;amour et de bonheur.<\/span>\n\t\t\t\t<\/p>\n<p style=\"padding: 0px; margin: 0px 0px 7px;\">\n\t\t\t\t\t<span style=\"color:#646464;\">Si je vous raconte tout ceci, c&rsquo;est pour que vous sachiez qu&rsquo;&agrave; 25 ans il &eacute;tait tel que vous l&rsquo;avez connu et aim&eacute; &agrave; ce jour : beau, intelligent, brillant, passionn&eacute; et passionnant, aimant raconter des histoires et &eacute;couter, d&rsquo;une curiosit&eacute; intellectuelle exceptionnelle, immens&eacute;ment cultiv&eacute; &ndash; il avait gagn&eacute; quelques ann&eacute;es auparavant, &agrave; 19 ans, lors d&rsquo;un concours radiophonique, un quizz comme on en faisait &agrave; l&rsquo;&eacute;poque, le premier prix en culture g&eacute;n&eacute;rale, qui &eacute;tait un voyage autour du monde offert par Swissair. Il &eacute;tait d&eacute;j&agrave; bouillonnant d&rsquo;id&eacute;es et d&eacute;bordant d&rsquo;activit&eacute;s et d&rsquo;initiatives : il avait &eacute;t&eacute; journaliste de politique &eacute;trang&egrave;re &agrave; la radio, il avait enseign&eacute; l&rsquo;histoire au gymnase &agrave; des &eacute;l&egrave;ves &agrave; peine plus jeunes que lui, il &eacute;crivait r&eacute;guli&egrave;rement pour la Gazette de Lausanne, le Journal de Gen&egrave;ve, L&rsquo;Express, la Quinzaine litt&eacute;raire, il avait cr&eacute;&eacute; un club politique Jean Davel sur le mod&egrave;le du club Jean Moulin &agrave; Paris, il allait bient&ocirc;t lancer le premier hebdomadaire romand &laquo; Nonante &raquo; qui ne surv&eacute;cut pas longtemps faute de finances. Il &eacute;tait plein d&rsquo;humour, plein d&rsquo;esprit, de verve, dr&ocirc;le, il avait le sens de la beaut&eacute;, il &eacute;tait sportif, il aimait danser le rock-n-roll et le cha-cha-cha. Il &eacute;tait superbe&hellip;<\/span>\n\t\t\t\t<\/p>\n<p style=\"padding: 0px; margin: 0px 0px 7px;\">\n\t\t\t\t\t<span style=\"color:#646464;\">Quelques mois apr&egrave;s, il partait &agrave; Paris pour commencer sa th&egrave;se, &agrave; Paris, il se lia d&rsquo;amiti&eacute; avec Louis Aragon et surtout Elsa Triolet, avec Fernand Braudel et Le Roy Ladurie. Il aurait pu faire une tr&egrave;s belle carri&egrave;re parisienne si seulement il s&rsquo;&eacute;tait int&eacute;ress&eacute; un peu plus au Moyen Age. Enfin, de retour de Paris, plus tard, une fois sa th&egrave;se termin&eacute;e et apr&egrave;s un passage aux Ecoles Polytechniques il fut nomm&eacute; professeur &agrave; l&rsquo;Institut d&rsquo;Etudes Europ&eacute;ennes &agrave; Gen&egrave;ve. Vous connaissez la suite qui a &eacute;t&eacute; &eacute;voqu&eacute;e par ses amis et coll&egrave;gues.<\/span>\n\t\t\t\t<\/p>\n<p style=\"padding: 0px; margin: 0px 0px 7px;\">\n\t\t\t\t\t<span style=\"color:#646464;\">Pour moi, la petite &eacute;migrante venant de Roumanie, qui avait perdu ses racines, ses rep&egrave;res et qui &eacute;tait en douloureuse qu&ecirc;te d&rsquo;identit&eacute; il m&rsquo;a non seulement ouvert larges ses bras, mais il a ouvert larges les fen&ecirc;tres sur la vie, il m&rsquo;a &eacute;largi l&rsquo;horizon, il m&rsquo;a expliqu&eacute; le monde, il m&rsquo;a tout fait d&eacute;couvrir et comprendre, il m&rsquo;a instruite, il m&rsquo;a affin&eacute;e. Il m&rsquo;a donn&eacute; l&rsquo;exemple de la rigueur, de l&rsquo;honn&ecirc;tet&eacute; intellectuelle et professionnelle, de l&rsquo;honn&ecirc;tet&eacute; tout court, de l&rsquo;&eacute;thique, du sens civique, de l&rsquo;ouverture d&rsquo;esprit, de l&rsquo;extr&ecirc;me, de son incroyable modestie. Pierre m&rsquo;a donn&eacute; de la confiance et du courage, il m&rsquo;a donn&eacute; de nouvelles racines, il m&rsquo;a pouss&eacute;e et soutenue dans la vie professionnelle comme jamais homme n&rsquo;aura soutenu sa femme. Nous avons construit ensemble toute notre vie. Avec Pierre j&rsquo;avais tous les matins le sentiment de pouvoir partir &agrave; la conqu&ecirc;te du monde et le soir j&rsquo;avais envie de rentrer pour le lui raconter et pour faire la f&ecirc;te. Son d&eacute;part m&rsquo;a bris&eacute; les ailes, il me brise tout court.<\/span>\n\t\t\t\t<\/p>\n<p style=\"padding: 0px; margin: 0px 0px 7px;\">\n\t\t\t\t\t<span style=\"color:#646464;\">Son d&eacute;part l&rsquo;a interrompu en pleine activit&eacute;, en plein &eacute;lan de vie et de cr&eacute;ation : il se r&eacute;jouissait d&rsquo;enseigner encore plusieurs ann&eacute;es, il se r&eacute;jouissait de continuer l&rsquo;exploration de l&rsquo;Am&eacute;rique latine commenc&eacute;e il y a 20 ans. Pour 2008 au minimum 2 colloques sont sous toit, celui des Relations Internationales et un autre avec la Fondation Jean Monnet. Sur le plan des publications, Pierre nous laisse un livre sur &laquo; L&rsquo;Histoire de l&rsquo;Europe mon&eacute;taire 1945-2005 &raquo;. Je donnerai dans 2 semaines le manuscrit termin&eacute; &agrave; Philippe Burrin pour le soumettre aux Editions des PUF. Pierre nous laisse &eacute;galement un autre manuscrit sur &laquo; Guerre froide, propagande et culture &raquo;. Il avait plein de projets en t&ecirc;te, suite &agrave; la Guerre du Sonderbund il voulait &eacute;crire une histoire des vaincus et aurait eu acc&egrave;s &agrave; des archives des descendants de Siegwart-M&uuml;ller. Ayant t&acirc;t&eacute; pour la premi&egrave;re fois du XIX&egrave;me si&egrave;cle, il voulait remonter plus loin encore et faire une Histoire de la Guerre de 30 ans, mais il r&ecirc;vait aussi &agrave; une Histoire de Venise au XX&egrave;me si&egrave;cle, &agrave; l&rsquo;Histoire de Tanger internationale et j&rsquo;en passe.<\/span>\n\t\t\t\t<\/p>\n<p style=\"padding: 0px; margin: 0px 0px 7px;\">\n\t\t\t\t\t<span style=\"color:#646464;\">Il voulait courir un marathon dans sa vie. Il souffrait terriblement du manque de temps pour tout faire et il ne savait pas, nous ne savions pas, que le temps lui &eacute;tait cruellement compt&eacute;.<\/span>\n\t\t\t\t<\/p>\n<p style=\"padding: 0px; margin: 0px 0px 7px;\">\n\t\t\t\t\t<span style=\"color:#646464;\">Vous aussi perdez un &ecirc;tre qui vous est cher, un ami, un coll&egrave;gue, un professeur, un grand professeur. Tout ce qu&rsquo;il m&rsquo;a donn&eacute; &agrave; moi, d&rsquo;une certaine fa&ccedil;on il vous l&rsquo;a donn&eacute; &agrave; vous aussi. Il aimait profond&eacute;ment l&rsquo;Institut. Il avait confiance et une estime de longue date pour Philippe Burrin et Roger de Weck. Mais il avait aussi des inqui&eacute;tudes qui l &lsquo;ont tourment&eacute; : la fusion, la disparition &agrave; terme du bilinguisme, l&rsquo;abandon de la licence.<\/span>\n\t\t\t\t<\/p>\n<p style=\"padding: 0px; margin: 0px 0px 7px;\">\n\t\t\t\t\t<span style=\"color:#646464;\">Vous, ses &eacute;tudiants, ses doctorants, je m&rsquo;adresse maintenant particuli&egrave;rement &agrave; vous. Il a tout fait pour vous donner des ailes dans la vie. Il a v&eacute;cu pour son enseignement, il a v&eacute;cu pour vous. Soir apr&egrave;s soir &#8211; je dis bien soir apr&egrave;s soir toutes ces ann&eacute;es &#8211; il me parlait de vous, de vos joies et de vos peines, il &eacute;tait heureux lorsque vous aviez fait un bon travail et malheureux lorsque, peut-&ecirc;tre ayant n&eacute;glig&eacute; un conseil, vous aviez rat&eacute; quelque chose. Il a travaill&eacute; dur c&ocirc;te &agrave; c&ocirc;te avec vous pour vous faire avancer dans vos dipl&ocirc;mes, vos licences, vos th&egrave;ses, dans la vie. Il &eacute;tait fier de vos r&eacute;ussites, de vos prix. Il &eacute;tait ambitieux pour vous, il faisait des plans, il &eacute;tait constructif, combattif, il ne laissait rien au hasard, il &eacute;tait anim&eacute; d&rsquo;une incroyable vision du long terme. A force d&rsquo;entendre parler de vous j&rsquo;ai fini moi aussi par vous connaitre.<\/span>\n\t\t\t\t<\/p>\n<p style=\"padding: 0px; margin: 0px 0px 7px;\">\n\t\t\t\t\t<span style=\"color:#646464;\">Alors ? Alors n&rsquo;oubliez pas Pierre du Bois, gardez une place pour lui dans votre t&ecirc;te et dans votre c&oelig;ur, souvenez-vous de ses enseignements, des ses recommandations, de son exemple et si, un jour, vous avez besoin de son conseil, si vous vous demandez &laquo; Qu&rsquo;est-ce que le professeur du Bois m&rsquo;aurait-il dit ? &raquo; et si vous n&rsquo;arrivez pas &agrave; trouver la r&eacute;ponse par vous-m&ecirc;me, t&eacute;l&eacute;phonez-moi et nous essaierons, ensemble, de trouver la r&eacute;ponse de Pierre.<\/span>\n\t\t\t\t<\/p>\n<p style=\"padding: 0px; margin: 0px 0px 7px;\">\n\t\t\t\t\t<span style=\"color:#646464;\">Moi aussi j&rsquo;ai besoin de vous, nous, Pierre et moi, nous avons besoin de vous. Je vais cr&eacute;er la Fondation Pierre du Bois pour l&rsquo;histoire du temps pr&eacute;sent. Son but sera de susciter et de soutenir des recherches sur l&rsquo;histoire du temps pr&eacute;sent, y compris europ&eacute;enne, et de mettre &agrave; disposition des &eacute;tudiants et des chercheurs, des livres, revues et documents n&eacute;cessaires &agrave; leurs recherches. Pierre avait formul&eacute; ce v&oelig;u par &eacute;crit il y a 20 ans, il avait l&rsquo;intention de cr&eacute;er cette fondation lui-m&ecirc;me et de lui l&eacute;guer son avoir, mais il n&rsquo;a pas eu le temps de le faire, il &eacute;tait trop occup&eacute; par la vie pour penser &agrave; l&rsquo;apr&egrave;s-vie. Je vais donc cr&eacute;er moi-m&ecirc;me cette fondation et je remercie d&rsquo;ores et d&eacute;j&agrave; votre Directeur Philippe Burrin d&rsquo;avoir accept&eacute; de faire partie du conseil de la Fondation. Notre premi&egrave;re action sera &ndash; toujours en accord avec le v&oelig;u de Pierre &ndash; d&rsquo;offrir deux bourses Pierre du Bois d&egrave;s l&rsquo;ann&eacute;e acad&eacute;mique prochaine 2008\/2009 &agrave; des &eacute;tudiants latino-am&eacute;ricains pour venir faire un doctorat sur l&rsquo;histoire du temps pr&eacute;sent &agrave; l&rsquo;Institut dans la section Histoire et Politique Internationale. Les bourses seront d&rsquo;une ann&eacute;e renouvelable et comme la Fondation disposera d&rsquo;un revenu stable et assur&eacute; &ndash; bien que, h&eacute;las, limit&eacute;, nous ne sommes pas Bill Gates &ndash; il s&rsquo;agit d&rsquo;une action long terme et &ccedil;a n&rsquo;est que le d&eacute;but. Petit &agrave; petit, nous organiserons des manifestations li&eacute;es &agrave; ces travaux de recherche, nous cr&eacute;erons un prix Pierre du Bois, nous augmenterons le nombre de bourses, nous cr&eacute;erons peut-&ecirc;tre &agrave; terme une chaire Pierre du Bois pour l&rsquo;histoire du temps pr&eacute;sent. Il faut &ecirc;tre ambitieux, non ? Et c&rsquo;est ici que nous avons besoin de vous, je voudrais vous lancer un appel : si l&rsquo;un ou l&rsquo;autre parmi vous, l&rsquo;une ou l&rsquo;autre, d&rsquo;une mani&egrave;re ou d&rsquo;une autre, aujourd&rsquo;hui, demain ou apr&egrave;s-demain est int&eacute;ress&eacute;, est d&rsquo;accord, souhaite travailler avec la Fondation, y &ecirc;tre associ&eacute;, contribuer &agrave; son succ&egrave;s, faites-le moi savoir, faites-le savoir &agrave; Philippe Burrin. Je r&eacute;p&egrave;te : &hellip;&hellip;<\/span>\n\t\t\t\t<\/p>\n<p style=\"padding: 0px; margin: 0px 0px 7px;\">\n\t\t\t\t\t<span style=\"color:#646464;\">M&rsquo;aider, nous aider &agrave; faire marcher et &agrave; faire vivre la Fondation Pierre du Bois sera, je pense, la mani&egrave;re la plus forte et concr&egrave;te de t&eacute;moigner votre amiti&eacute;, votre reconnaissance et votre estime pour Pierre et, surtout, nous aidera &agrave; le garder bien vivant parmi nous. Je vous remercie pour votre pr&eacute;sence ce soir.<\/span>\n\t\t\t\t<\/p>\n<p align=\"right\" style=\"padding: 0px; margin: 0px 0px 7px;\">\n\t\t\t\t\t&nbsp;\n\t\t\t\t<\/p>\n<p align=\"right\" style=\"padding: 0px; margin: 0px 0px 7px;\">\n\t\t\t\t\t&nbsp;\n\t\t\t\t<\/p>\n<p align=\"right\" style=\"padding: 0px; margin: 0px 0px 7px;\">\n\t\t\t\t\t<span style=\"color:#646464;\">Irina du Bois<\/span>\n\t\t\t\t<\/p>\n<p align=\"right\" style=\"padding: 0px; margin: 0px 0px 7px;\">\n\t\t\t\t\t&nbsp;\n\t\t\t\t<\/p>\n<p align=\"right\" style=\"padding: 0px; margin: 0px 0px 7px;\">\n\t\t\t\t\t&nbsp;\n\t\t\t\t<\/p>\n<p align=\"right\" style=\"padding: 0px; margin: 0px 0px 7px;\">\n\t\t\t\t\t&nbsp;\n\t\t\t\t<\/p>\n<p style=\"padding: 0px; margin: 0px 0px 7px; text-align: right;\">\n\t\t\t\t\t&nbsp;\n\t\t\t\t<\/p>\n<\/td>\n<\/tr>\n<\/tbody>\n<\/table>\n<p>\n\t&nbsp;<\/p>\n","protected":false},"excerpt":{"rendered":"<p class=\"excerpt\">HEI, Gen&egrave;ve, 9 octobre 2007 &nbsp; Pierre et moi nous nous sommes connus en juin 1968 &agrave; Lausanne. Il avait 25 ans, avait obtenu une premi&egrave;re licence en sciences politiques et &eacute;tait en train de terminer sa deuxi&egrave;me licence en lettres. Moi-m&ecirc;me j&rsquo;avais 21 &frac12; ans et j&rsquo;&eacute;tais &eacute;tudiante en 2&egrave;me ann&eacute;e de chimie &agrave; l&rsquo;Ecole Polytechnique. Nous avons failli&hellip; <a href=\"https:\/\/www.fondation-pierredubois.ch\/fr\/ceremonie-en-hommage-a-pierre-du-bois\/\">Read more &rarr;<\/a><\/p>\n","protected":false},"author":55,"featured_media":0,"parent":0,"menu_order":9,"comment_status":"closed","ping_status":"closed","template":"","meta":{"footnotes":""},"class_list":["post-4095","page","type-page","status-publish","hentry","xfolkentry"],"_links":{"self":[{"href":"https:\/\/www.fondation-pierredubois.ch\/fr\/wp-json\/wp\/v2\/pages\/4095","targetHints":{"allow":["GET"]}}],"collection":[{"href":"https:\/\/www.fondation-pierredubois.ch\/fr\/wp-json\/wp\/v2\/pages"}],"about":[{"href":"https:\/\/www.fondation-pierredubois.ch\/fr\/wp-json\/wp\/v2\/types\/page"}],"author":[{"embeddable":true,"href":"https:\/\/www.fondation-pierredubois.ch\/fr\/wp-json\/wp\/v2\/users\/55"}],"replies":[{"embeddable":true,"href":"https:\/\/www.fondation-pierredubois.ch\/fr\/wp-json\/wp\/v2\/comments?post=4095"}],"version-history":[{"count":4,"href":"https:\/\/www.fondation-pierredubois.ch\/fr\/wp-json\/wp\/v2\/pages\/4095\/revisions"}],"predecessor-version":[{"id":9100,"href":"https:\/\/www.fondation-pierredubois.ch\/fr\/wp-json\/wp\/v2\/pages\/4095\/revisions\/9100"}],"wp:attachment":[{"href":"https:\/\/www.fondation-pierredubois.ch\/fr\/wp-json\/wp\/v2\/media?parent=4095"}],"curies":[{"name":"wp","href":"https:\/\/api.w.org\/{rel}","templated":true}]}}