{"id":4090,"date":"2015-04-27T15:13:21","date_gmt":"2015-04-27T15:13:21","guid":{"rendered":"http:\/\/www.fondation-pierredubois.ch\/?page_id=4090"},"modified":"2017-04-26T11:47:02","modified_gmt":"2017-04-26T11:47:02","slug":"hommages","status":"publish","type":"page","link":"https:\/\/www.fondation-pierredubois.ch\/fr\/disparition-du-professeur-pierre-du-bois\/hommages\/","title":{"rendered":"Hommages"},"content":{"rendered":"<ul>\n<li><a href=\"http:\/\/www.fondation-pierredubois.ch\/the-passing-of-professor-pierre-du-bois-2\/\">Philippe Burrin<\/a> \u00abDisparition du Professeur Pierre du Bois\u00bb, <em>Le Temps<\/em>, 29 juin 2007.<\/li>\n<\/ul>\n<ul>\n<li><a href=\"http:\/\/index.php?option=com_content&amp;view=article&amp;id=72&amp;Itemid=94\">Discours prononc\u00e9 par Mme Irina du Bois<\/a><br \/>\nC\u00e9r\u00e9monie en hommage \u00e0 M. Pierre du Bois, Professeur \u00e0 l\u2019Institut universitaire de hautes \u00e9tudes internationales, mardi 9 octobre 2007, Institut universitaire de hautes \u00e9tudes internationales.<br \/>\nM. Philippe Burrin, directeur, Institut universitaire de hautes \u00e9tudes internationales<br \/>\nMme Marie- Th\u00e9r\u00e8se Bitsch, Universit\u00e9 de Strasbourg<br \/>\nM. Georges-Henri Soutou, Paris IV \u2013 Sorbonne<br \/>\nM. Gilles Grin, Fondation Jean Monnet pour l\u2019Europe<br \/>\nMme Irina du Bois<\/li>\n<\/ul>\n<ul>\n<li><a href=\"http:\/\/www.fondation-pierredubois.ch\/professeur-pierre-du-bois-2\/\">Philippe Marguerat<\/a>, \u00abProfesseur Pierre du Bois\u00bb, <em>L\u2019Impartial<\/em>, 25 juin 2007.<\/li>\n<\/ul>\n<ul>\n<li><a href=\"http:\/\/www.fondation-pierredubois.ch\/sudden-death-of-pierre-du-bois-a-tribute\/\">Francine Brunschwig<\/a>, \u00abBrusque d\u00e9c\u00e8s de Pierre du Bois \u2013 Hommage\u00bb, <em>24 Heures<\/em>, 27 juin 2007.<\/li>\n<\/ul>\n<ul>\n<li><a href=\"http:\/\/www.fondation-pierredubois.ch\/tribute-to-pierre-du-bois\/\">Philippe Marguerat<\/a>, \u00abHommage \u00e0 Pierre du Bois\u00bb, <em>Relations internationales<\/em>, No. 132, hiver 2007.<\/li>\n<\/ul>\n<ul>\n<li><a href=\"http:\/\/www.fondation-pierredubois.ch\/death-of-professor-pierre-du-bois\/\">\u00abD\u00e9c\u00e8s du Professeur Pierre du Bois\u00bb<\/a>, <em>Contact<\/em>, Rencontres suisses, Nouvelle soci\u00e9t\u00e9 helv\u00e9tique, 1re ann\u00e9e, No 2, Octobre 2007.<\/li>\n<\/ul>\n<ul>\n<li><a href=\"http:\/\/www.fondation-pierredubois.ch\/the-european-union-past-present-future\/\">Basil Germond<\/a>, \u00abL\u2019Union europ\u00e9enne : pass\u00e9, pr\u00e9sent, avenir. Colloque en hommage au Professeur Pierre du Bois\u00bb, <em>Globe<\/em>, La Revue de l\u2019Institut de hautes \u00e9tudes internationales et du d\u00e9veloppement, No 1, printemps 2008.<\/li>\n<\/ul>\n<ul>\n<li><a href=\"images\/stories\/images\/publications\/construirecouv.jpg\" target=\"_blank\" rel=\"noopener noreferrer\">Construire l\u2019Europe<\/a>. M\u00e9langes en hommage \u00e0 Pierre du Bois, <em>Presses universitaires de France<\/em>, Basil Germond et Andre Liebich.<\/li>\n<\/ul>\n<ul>\n<li><a href=\"http:\/\/www.fondation-pierredubois.ch\/tribute-from-the-colleagues-and-students-of-pierre-du-bois\/\">Hommages des coll\u00e8gues et \u00e9tudiants de Pierre du Bois<\/a>.<\/li>\n<\/ul>\n<ul>\n<li><a href=\"http:\/\/www.fondation-pierredubois.ch\/in-memoriam-a-tribute-to-pierre-du-bois\/\">Shaloma Gauthier,<\/a> \u00abIn Memoriam. A Tribute to Pierre du Bois\u00bb, <em>Lac Leviathan<\/em>, HEI Students\u2019 Magazine, Vol. 2, No 1, November 2007.<\/li>\n<\/ul>\n<ul>\n<li><a href=\"http:\/\/www.fondation-pierredubois.ch\/in-memory-of-professor-pierre-du-bois\/\">Katrin Milzow<\/a>, \u00abEn souvenir du Professeur du Bois\u00bb, <em>HEI Echo<\/em>, No 36, Automne 2007.<\/li>\n<\/ul>\n<p>&nbsp;<\/p>\n<p>&nbsp;<\/p>\n<p style=\"text-align: right;\"><span style=\"font-size: 12px;\"><em>\u00a0<\/em><\/span><\/p>\n","protected":false},"excerpt":{"rendered":"<p class=\"excerpt\">Philippe Burrin \u00abDisparition du Professeur Pierre du Bois\u00bb, Le Temps, 29 juin 2007. Discours prononc\u00e9 par Mme Irina du Bois C\u00e9r\u00e9monie en hommage \u00e0 M. Pierre du Bois, Professeur \u00e0 l\u2019Institut universitaire de hautes \u00e9tudes internationales, mardi 9 octobre 2007, Institut universitaire de hautes \u00e9tudes internationales. M. Philippe Burrin, directeur, Institut universitaire de hautes \u00e9tudes internationales Mme Marie- Th\u00e9r\u00e8se Bitsch,&hellip; <a href=\"https:\/\/www.fondation-pierredubois.ch\/fr\/disparition-du-professeur-pierre-du-bois\/hommages\/\">Read more &rarr;<\/a><\/p>\n","protected":false},"author":55,"featured_media":0,"parent":4068,"menu_order":4,"comment_status":"closed","ping_status":"closed","template":"","meta":{"footnotes":""},"class_list":["post-4090","page","type-page","status-publish","hentry","xfolkentry"],"_links":{"self":[{"href":"https:\/\/www.fondation-pierredubois.ch\/fr\/wp-json\/wp\/v2\/pages\/4090","targetHints":{"allow":["GET"]}}],"collection":[{"href":"https:\/\/www.fondation-pierredubois.ch\/fr\/wp-json\/wp\/v2\/pages"}],"about":[{"href":"https:\/\/www.fondation-pierredubois.ch\/fr\/wp-json\/wp\/v2\/types\/page"}],"author":[{"embeddable":true,"href":"https:\/\/www.fondation-pierredubois.ch\/fr\/wp-json\/wp\/v2\/users\/55"}],"replies":[{"embeddable":true,"href":"https:\/\/www.fondation-pierredubois.ch\/fr\/wp-json\/wp\/v2\/comments?post=4090"}],"version-history":[{"count":5,"href":"https:\/\/www.fondation-pierredubois.ch\/fr\/wp-json\/wp\/v2\/pages\/4090\/revisions"}],"predecessor-version":[{"id":9352,"href":"https:\/\/www.fondation-pierredubois.ch\/fr\/wp-json\/wp\/v2\/pages\/4090\/revisions\/9352"}],"up":[{"embeddable":true,"href":"https:\/\/www.fondation-pierredubois.ch\/fr\/wp-json\/wp\/v2\/pages\/4068"}],"wp:attachment":[{"href":"https:\/\/www.fondation-pierredubois.ch\/fr\/wp-json\/wp\/v2\/media?parent=4090"}],"curies":[{"name":"wp","href":"https:\/\/api.w.org\/{rel}","templated":true}]}}