{"id":1276,"date":"2015-03-15T11:46:01","date_gmt":"2015-03-15T11:46:01","guid":{"rendered":"http:\/\/www.fondation-pierredubois.ch\/?page_id=1276"},"modified":"2022-02-17T06:01:02","modified_gmt":"2022-02-17T06:01:02","slug":"curriculum-vitae","status":"publish","type":"page","link":"https:\/\/www.fondation-pierredubois.ch\/fr\/disparition-du-professeur-pierre-du-bois\/curriculum-vitae\/","title":{"rendered":"Curriculum Vitae"},"content":{"rendered":"<hr>\n<p><a href=\"http:\/\/www.fondation-pierredubois.ch\/wp-content\/uploads\/2008\/09\/ill_cv001.jpg\" rel=\"highslide\"><img fetchpriority=\"high\" decoding=\"async\" src=\"http:\/\/www.fondation-pierredubois.ch\/wp-content\/uploads\/2008\/09\/ill_cv001.jpg\" alt=\"Birth announcement\" class=\"aligncenter size-full wp-image-545\" width=\"650\" height=\"460\" srcset=\"https:\/\/www.fondation-pierredubois.ch\/wp-content\/uploads\/2008\/09\/ill_cv001.jpg 650w, https:\/\/www.fondation-pierredubois.ch\/wp-content\/uploads\/2008\/09\/ill_cv001-300x212.jpg 300w\" sizes=\"(max-width: 650px) 100vw, 650px\" \/><\/a><\/p>\n<h1><span style=\"color: #cf1930;\">1943<\/span><\/h1>\n<p>Nait le 5 mai \u00e0 Herzogenbuchsee, en Suisse al\u00e9manique, o\u00f9 vivait une grande partie de sa famille. Le 5 mai \u00e9tait aussi le jour de naissance de Karl Marx, ce qui avait, semblait-il, toujours un peu inqui\u00e9t\u00e9 la m\u00e8re de Pierre\u2026<\/p>\n<p><a href=\"http:\/\/www.fondation-pierredubois.ch\/wp-content\/uploads\/2008\/09\/ill_cv002.jpg\" rel=\"highslide\"><img decoding=\"async\" src=\"http:\/\/www.fondation-pierredubois.ch\/wp-content\/uploads\/2008\/09\/ill_cv002.jpg\" alt=\"Photo taken on 9 May 1943, when Pierre was four days old...\" class=\"aligncenter size-full wp-image-546\" width=\"460\" height=\"628\" srcset=\"https:\/\/www.fondation-pierredubois.ch\/wp-content\/uploads\/2008\/09\/ill_cv002.jpg 460w, https:\/\/www.fondation-pierredubois.ch\/wp-content\/uploads\/2008\/09\/ill_cv002-220x300.jpg 220w\" sizes=\"(max-width: 460px) 100vw, 460px\" \/><\/a><\/p>\n<h5><\/h5>\n<h5><\/h5>\n<h5><\/h5>\n<h5><\/h5>\n<h5><\/h5>\n<h5><span style=\"color: #cf1930;\">1) Faire-part de naissance<\/span><br \/>\n<span style=\"color: #cf1930;\"> 2) Photo prise le 9 mai 1943, Pierre a quatre jours\u2026<\/span><\/h5>\n<p><!--more--><\/p>\n<hr>\n<hr>\n<p><a href=\"http:\/\/www.fondation-pierredubois.ch\/wp-content\/uploads\/2008\/09\/ill_cv003.jpg\" rel=\"highslide\"><img decoding=\"async\" src=\"http:\/\/www.fondation-pierredubois.ch\/wp-content\/uploads\/2008\/09\/ill_cv003.jpg\" alt=\"Pierre du Bois - In his mother's arms, 1944\" class=\"aligncenter size-full wp-image-547\" width=\"431\" height=\"650\" srcset=\"https:\/\/www.fondation-pierredubois.ch\/wp-content\/uploads\/2008\/09\/ill_cv003.jpg 431w, https:\/\/www.fondation-pierredubois.ch\/wp-content\/uploads\/2008\/09\/ill_cv003-199x300.jpg 199w\" sizes=\"(max-width: 431px) 100vw, 431px\" \/><\/a><\/p>\n<h1><span style=\"color: #cf1930;\">1945 \u2013 1947<\/span><\/h1>\n<p><span style=\"color: #cd1a30;\"><span style=\"color: #000000;\">Vit \u00e0 Tanger, qui jouera un r\u00f4le tr\u00e8s important dans sa vie.<\/span><\/span><\/p>\n<h5><\/h5>\n<h5><span style=\"color: #cd1a30;\">Dans les bras de sa maman en 1944<\/span><\/h5>\n<hr>\n<hr>\n<p><a href=\"http:\/\/www.fondation-pierredubois.ch\/wp-content\/uploads\/2008\/09\/ill_cv004.jpg\" rel=\"highslide\"><img loading=\"lazy\" decoding=\"async\" src=\"http:\/\/www.fondation-pierredubois.ch\/wp-content\/uploads\/2008\/09\/ill_cv004.jpg\" alt=\"Pierre du Bois - In his father's arms, at the age of three\" class=\"aligncenter size-full wp-image-548\" width=\"445\" height=\"634\" srcset=\"https:\/\/www.fondation-pierredubois.ch\/wp-content\/uploads\/2008\/09\/ill_cv004.jpg 445w, https:\/\/www.fondation-pierredubois.ch\/wp-content\/uploads\/2008\/09\/ill_cv004-211x300.jpg 211w\" sizes=\"(max-width: 445px) 100vw, 445px\" \/><\/a><\/p>\n<h1>1947<\/h1>\n<p>Perd son p\u00e8re \u00e0 Tanger, rentre en Suisse avec sa m\u00e8re.<\/p>\n<h5><\/h5>\n<h5><\/h5>\n<h5><span style=\"color: #cd1a30;\">Dans les bras de son papa, Pierre a trois ans<\/span><\/h5>\n<hr>\n<hr>\n<p><a href=\"http:\/\/www.fondation-pierredubois.ch\/wp-content\/uploads\/2008\/09\/ill_cv005.jpg\" rel=\"highslide\"><img loading=\"lazy\" decoding=\"async\" src=\"http:\/\/www.fondation-pierredubois.ch\/wp-content\/uploads\/2008\/09\/ill_cv005.jpg\" alt=\"Wednesday 11 July 1962, 6h20 in the morning, with his college friends after a sleepless night... (Pierre is second from left)\" class=\"aligncenter size-full wp-image-549\" width=\"593\" height=\"383\" srcset=\"https:\/\/www.fondation-pierredubois.ch\/wp-content\/uploads\/2008\/09\/ill_cv005.jpg 593w, https:\/\/www.fondation-pierredubois.ch\/wp-content\/uploads\/2008\/09\/ill_cv005-300x194.jpg 300w\" sizes=\"(max-width: 593px) 100vw, 593px\" \/><\/a><\/p>\n<h1>1950<\/h1>\n<p>Ecole Nouvelle de la Suisse Romande \u00e0 Chailly, puis Coll\u00e8ge de B\u00e9thusy et Gymnase de la Cit\u00e9 \u00e0 Lausanne, o\u00f9 il fait son baccalaur\u00e9at en 1962.<\/p>\n<hr>\n<p><a href=\"http:\/\/www.fondation-pierredubois.ch\/wp-content\/uploads\/2015\/04\/ill_cvbis005.jpg\" rel=\"highslide\"><img loading=\"lazy\" decoding=\"async\" src=\"http:\/\/www.fondation-pierredubois.ch\/wp-content\/uploads\/2015\/04\/ill_cvbis005.jpg\" alt=\"ill_cvbis005\" class=\"aligncenter size-full wp-image-3475\" width=\"201\" height=\"324\" srcset=\"https:\/\/www.fondation-pierredubois.ch\/wp-content\/uploads\/2015\/04\/ill_cvbis005.jpg 201w, https:\/\/www.fondation-pierredubois.ch\/wp-content\/uploads\/2015\/04\/ill_cvbis005-186x300.jpg 186w\" sizes=\"(max-width: 201px) 100vw, 201px\" \/><\/a><\/p>\n<h5><span style=\"color: #cf1930;\"><br \/>\n<\/span><\/h5>\n<h5><\/h5>\n<h5><\/h5>\n<h5><span style=\"color: #cf1930;\">1) <\/span><span style=\"color: #cf1930;\"><span style=\"color: #cf1930;\">Mercredi 11 juillet 1962, 6h20 du matin, avec ses camarades de gymnase apr\u00e8s une nuit blanche\u2026 (Pierre est le deuxi\u00e8me \u00e0 gauche)<\/span><br \/>\n2) Pierre \u00e0 17 ans<br \/>\n<\/span><\/h5>\n<hr>\n<hr>\n<p><a href=\"http:\/\/www.fondation-pierredubois.ch\/wp-content\/uploads\/2008\/09\/ill_cv006.jpg\" rel=\"highslide\"><img loading=\"lazy\" decoding=\"async\" src=\"http:\/\/www.fondation-pierredubois.ch\/wp-content\/uploads\/2008\/09\/ill_cv006.jpg\" alt=\"Pierre du Bois - Pierre in Thailand during his trip around the world - he lost 6 kg in one night of \u2018indigestion'...\" class=\"aligncenter size-full wp-image-551\" width=\"547\" height=\"462\" srcset=\"https:\/\/www.fondation-pierredubois.ch\/wp-content\/uploads\/2008\/09\/ill_cv006.jpg 547w, https:\/\/www.fondation-pierredubois.ch\/wp-content\/uploads\/2008\/09\/ill_cv006-300x253.jpg 300w\" sizes=\"(max-width: 547px) 100vw, 547px\" \/><\/a><\/p>\n<h1>1961<\/h1>\n<p>Encore au gymnase, gagne le premier prix en culture g\u00e9n\u00e9rale au concours radiophonique \u201cEchec et Mat\u201d, un quizz de questions et r\u00e9ponses organis\u00e9 par la Radio Suisse Romande: un voyage autour du monde offert par Swissair, qu\u2019il effectuera pendant trois mois l\u2019ann\u00e9e suivante. Il fait la \u201cune\u201d des journaux: premier candidat \u00e0 gagner le premier prix en culture g\u00e9n\u00e9rale et, en plus, si jeune!<\/p>\n<h5><\/h5>\n<h5><\/h5>\n<h5><span style=\"color: #cf1930;\">Pierre en Thailande, pendant son voyage autour du monde, il a perdu 6 kg en une nuit de bonne indigestion\u2026<\/span><\/h5>\n<p>&nbsp;<\/p>\n<hr>\n<hr>\n<p><a href=\"http:\/\/www.fondation-pierredubois.ch\/wp-content\/uploads\/2008\/09\/ill_cv007.jpg\" rel=\"highslide\"><img loading=\"lazy\" decoding=\"async\" src=\"http:\/\/www.fondation-pierredubois.ch\/wp-content\/uploads\/2008\/09\/ill_cv007.jpg\" alt=\"Pierre du Bois - Pierre teaches history to college students, not much younger than he was\" class=\"aligncenter size-full wp-image-552\" width=\"607\" height=\"421\" srcset=\"https:\/\/www.fondation-pierredubois.ch\/wp-content\/uploads\/2008\/09\/ill_cv007.jpg 607w, https:\/\/www.fondation-pierredubois.ch\/wp-content\/uploads\/2008\/09\/ill_cv007-300x208.jpg 300w\" sizes=\"(max-width: 607px) 100vw, 607px\" \/><\/a><\/p>\n<h1><span style=\"color: #cf1930;\">1964 \u2013 1966<\/span><\/h1>\n<p>R\u00e9dacteur de politique \u00e9trang\u00e8re \u00e0 la Radio Suisse Romande \u00e0 Lausanne. Pierre d\u00e9couvre sa passion pour les media \u2013 radio, presse \u00e9crite, plus tard la t\u00e9l\u00e9vision \u2013 qui ne le quittera plus. Il sera collaborateur de radios et de tr\u00e8s nombreux journaux, quotidiens, revues et magazines, en Suisse et \u00e0 l\u2019\u00e9tranger, et y abordera des th\u00e8mes d\u2019une richesse et diversit\u00e9 extraordinaires, qui t\u00e9moignaient de son immense curiosit\u00e9 intellectuelle, de sa culture exceptionnelle, de son besoin de partage. Sa derni\u00e8re interview, sur des questions de s\u00e9curit\u00e9, sera diffus\u00e9e par la RSR, dans le cadre de l\u2019\u00e9mission G\u00e9opolis, le 16 ao\u00fbt 2007, \u00e0 titre posthume. Elle avait \u00e9t\u00e9 enregistr\u00e9e en mai 2007.<\/p>\n<h5><\/h5>\n<h5><span style=\"color: #cf1930;\">Pierre enseigne l\u2019histoire au coll\u00e8ge \u00e0 des \u00e9l\u00e8ves \u00e0 peine plus jeunes que lui<\/span><\/h5>\n<hr>\n<h1>1965<\/h1>\n<p>Licence en science politique de l\u2019Universit\u00e9 de Lausanne.<\/p>\n<hr>\n<h1><span style=\"color: #cf1930;\">1966 \u2013 1968<\/span><\/h1>\n<p>Chroniqueur historique \u00e0 la Feuille d\u2019Avis de Lausanne.<\/p>\n<hr>\n<h1><span style=\"color: #cf1930;\">1967<\/span><\/h1>\n<p>Voyage pendant trois mois en Afrique, o\u00f9 il rencontre et interview pour diff\u00e9rents media, entre autres, L\u00e9opold Sedar Senghor (Pr\u00e9sident du S\u00e9n\u00e9gal), Mokhtar Ould Dada (Pr\u00e9sident de la Mauritanie), Modibo Keita (Pr\u00e9sident du Mali).<\/p>\n<hr>\n<h1><span style=\"color: #cf1930;\">1967 \u2013 1968<\/span><\/h1>\n<p>Fonde et anime \u00e0 Lausanne le Club Jean Davel, centre de r\u00e9flexion politique.Celui-ci r\u00e9unit toute une fine fleur d\u2019intellectuels, de futurs universitaires, journalistes, hommes et femmes politiques de premier plan.<\/p>\n<hr>\n<hr>\n<p><a href=\"http:\/\/www.fondation-pierredubois.ch\/wp-content\/uploads\/2008\/09\/ill_cv008.jpg\" rel=\"highslide\"><img loading=\"lazy\" decoding=\"async\" src=\"http:\/\/www.fondation-pierredubois.ch\/wp-content\/uploads\/2008\/09\/ill_cv008.jpg\" alt=\"Pierre du Bois - May 1969, Pierre and Irina take their first trip together to the south of France\" class=\"aligncenter size-full wp-image-553\" width=\"434\" height=\"650\" srcset=\"https:\/\/www.fondation-pierredubois.ch\/wp-content\/uploads\/2008\/09\/ill_cv008.jpg 434w, https:\/\/www.fondation-pierredubois.ch\/wp-content\/uploads\/2008\/09\/ill_cv008-200x300.jpg 200w\" sizes=\"(max-width: 434px) 100vw, 434px\" \/><\/a><\/p>\n<h1><span style=\"color: #cf1930;\">1968<\/span><\/h1>\n<p>De retour de Paris, o\u00f9 il s\u2019est fait un peu tabasser dans le cadre des \u00e9v\u00e9nements du moi de mai, rencontre le 21 juin \u00e0 Lausanne Mlle. Irina Tamas, d\u2019origine roumaine, ayant \u00e9migr\u00e9 en Allemagne, \u00e9tudiante en chimie \u00e0 l\u2019Ecole Polytechnique de l\u2019Universit\u00e9 de Lausanne (plus tard EPFL), qui deviendra son \u00e9pouse et partagera toute sa vie. Pierre donnera \u00e0 Irina de nouvelles racines dans la vie, de la confiance et du courage, il lui ouvrira non seulement larges ses bras mais \u00e9galement les fen\u00eatres sur la vie, il lui \u00e9largira l\u2019horizon, il lui fera tout d\u00e9couvrir et comprendre. Ils construiront ensemble leur vie, pleine d\u2019amour, de bonheur, de travail, de petites et grandes f\u00eates \u2013 tous les soirs avec une bouteille de vin et de la musique tsigane, latino-am\u00e9ricaine, yiddish et autres \u2013 et de r\u00e9ussites.<\/p>\n<p>Licence en histoire de l\u2019Universit\u00e9 de Lausanne.<\/p>\n<p>Premier voyage en R\u00e9publique d\u2019Irlande. Pierre se passionnera pour la question irlandaise et voyagera r\u00e9guli\u00e8rement pendant les 30 prochaines ann\u00e9es en Irlande du Nord et en R\u00e9publique d\u2019Irlande.<\/p>\n<h5><\/h5>\n<h5><span style=\"color: #cf1930;\">Mai 1969, Pierre et Irina voyagent pour la premi\u00e8re fois ensemble, dans le sud de la France<\/span><\/h5>\n<p>&nbsp;<\/p>\n<hr>\n<h1><span style=\"color: #cf1930;\">1968 \u2013 1970<\/span><\/h1>\n<p>Obtient une Bourse et accomplit un troisi\u00e8me cycle d\u2019\u00e9tudes \u00e0 la Fondation Nationale des Sciences Politiques \u00e0 Paris. Il suit le s\u00e9minaire de Raymond Aron \u00e0 l\u2019Ecole pratique des Hautes Etudes, se passionne pour les nouvelles tendances de l\u2019histoire et pour Les Annales , se lie \u00e0 Fernand Braudel, \u00e0 Emmanuel Le Roy Ladurie, \u00e0 Louis Aragon et Elsa Triolet. Il commence sa th\u00e8se sur Drieu La Rochelle, qu\u2019il poursuivra et finira plus tard \u00e0 Lausanne<\/p>\n<hr>\n<hr>\n<p><a href=\"http:\/\/www.fondation-pierredubois.ch\/wp-content\/uploads\/2008\/09\/ill_cv009.jpg\" rel=\"highslide\"><img loading=\"lazy\" decoding=\"async\" src=\"http:\/\/www.fondation-pierredubois.ch\/wp-content\/uploads\/2008\/09\/ill_cv009.jpg\" alt=\"Pierre du Bois - One of the first photos of Pierre and Irina in Venice, early 1970s\" class=\"aligncenter size-full wp-image-554\" width=\"462\" height=\"471\" srcset=\"https:\/\/www.fondation-pierredubois.ch\/wp-content\/uploads\/2008\/09\/ill_cv009.jpg 462w, https:\/\/www.fondation-pierredubois.ch\/wp-content\/uploads\/2008\/09\/ill_cv009-294x300.jpg 294w\" sizes=\"(max-width: 462px) 100vw, 462px\" \/><\/a><\/p>\n<h1>1969<\/h1>\n<p>Premier voyage, avec Irina, \u00e0 Venise, dont ils tombent \u00e9perdument amoureux et qui deviendra leur deuxi\u00e8me \u201c\u00e0 la maison\u201d.<\/p>\n<p>Cr\u00e9e et devient R\u00e9dacteur en chef du premier mensuel romand Nonante, qui ne connait qu\u2019un seul num\u00e9ro faute de moyens financiers suffisants.<\/p>\n<h5><span style=\"color: #cf1930;\">Une des premi\u00e8res photos \u00e0 Venise de Pierre et Irina, d\u00e9but des ann\u00e9es 1970<\/span><\/h5>\n<hr>\n<hr>\n<p><a href=\"http:\/\/www.fondation-pierredubois.ch\/wp-content\/uploads\/2008\/09\/ill_cv011.jpg\" rel=\"highslide\"><img loading=\"lazy\" decoding=\"async\" src=\"http:\/\/www.fondation-pierredubois.ch\/wp-content\/uploads\/2008\/09\/ill_cv011.jpg\" alt=\"Pierre du Bois - Moscow, September 1970, Pierre with the famous Russian sculptor Ernst Neizvestny\" class=\"aligncenter size-full wp-image-555\" width=\"367\" height=\"394\" srcset=\"https:\/\/www.fondation-pierredubois.ch\/wp-content\/uploads\/2008\/09\/ill_cv011.jpg 367w, https:\/\/www.fondation-pierredubois.ch\/wp-content\/uploads\/2008\/09\/ill_cv011-279x300.jpg 279w\" sizes=\"(max-width: 367px) 100vw, 367px\" \/><\/a><\/p>\n<h1><span style=\"color: #cf1930;\">1970<\/span><\/h1>\n<p>Premier voyage en URSS, o\u00f9 il retournera r\u00e9guli\u00e8rement et dont il suivra l\u2019histoire et l\u2019\u00e9volution avec un immense int\u00e9r\u00eat. Les relations est-ouest sous tous les aspects le passionneront toute sa vie et constitueront un des axes de ses travaux. Il visitera tous les pays de l\u2019Europe de l\u2019Est.<\/p>\n<p>Irina obtient son dipl\u00f4me d\u2019ing\u00e9nieur-chimiste de l\u2019Ecole Polytechnique F\u00e9d\u00e9rale de Lausanne (EPFL).<\/p>\n<h5><span style=\"color: #cf1930;\">Moscou, septembre 1970, Pierre est ensemble avec le fameux sculpteur russe Ernst Neizvestny<\/span><\/h5>\n<hr>\n<h1><span style=\"color: #cf1930;\">1972 \u2013 1978<\/span><\/h1>\n<p>Professeur d&#8217;histoire au niveau de l&#8217;enseignement secondaire \u00e0 Lausanne.<\/p>\n<hr>\n<hr>\n<p><a href=\"http:\/\/www.fondation-pierredubois.ch\/wp-content\/uploads\/2008\/09\/ill_cv012.jpg\" rel=\"highslide\"><img loading=\"lazy\" decoding=\"async\" src=\"http:\/\/www.fondation-pierredubois.ch\/wp-content\/uploads\/2008\/09\/ill_cv012.jpg\" alt=\"Pierre du Bois - April 1976, Pierre and Irina for the first time in Bucharest, here in the Cismigiu garden\" class=\"aligncenter size-full wp-image-556\" width=\"272\" height=\"475\" srcset=\"https:\/\/www.fondation-pierredubois.ch\/wp-content\/uploads\/2008\/09\/ill_cv012.jpg 272w, https:\/\/www.fondation-pierredubois.ch\/wp-content\/uploads\/2008\/09\/ill_cv012-172x300.jpg 172w\" sizes=\"(max-width: 272px) 100vw, 272px\" \/><\/a><\/p>\n<h1><span style=\"color: #cf1930;\">1976<\/span><\/h1>\n<p>Premier voyage en Roumanie avec Irina, pour qui c\u2019est \u201cun retour aux sources\u201d. Ils y voyageront r\u00e9guli\u00e8rement pendant les 30 prochaines ann\u00e9es. Pierre deviendra un grand connaisseur de la Roumanie, qui sera tr\u00e8s pr\u00e9sente dans ses publications, ses colloques, son enseignement.<\/p>\n<p>Il emm\u00e8ne Irina pour la premi\u00e8re fois \u00e0 Tanger.<\/p>\n<p>Irina entre chez Nestl\u00e9, \u00e0 Vevey, o\u00f9 elle trouvera son bonheur et fera tout son parcours professionnel de plus de 30 ans. Pierre la poussera et la soutiendra dans sa vie professionnelle comme jamais homme n\u2019aura soutenu sa femme.<\/p>\n<h5><span style=\"color: #cf1930;\"><br \/>\n<\/span><span style=\"color: #cf1930;\">Avril 1976, Pierre et Irina sont pour la premi\u00e8re fois ensemble \u00e0 Bucarest, ici dans le jardin de Cismigiu<\/span><\/h5>\n<hr>\n<h1><span style=\"color: #cf1930;\">1977 \u2013 1985<\/span><\/h1>\n<p>Charg\u00e9 de cours d\u2019histoire contemporaine \u00e0 l\u2019Ecole polytechnique f\u00e9d\u00e9rale de Lausanne (EPFL).<\/p>\n<hr>\n<hr>\n<p><a href=\"http:\/\/www.fondation-pierredubois.ch\/wp-content\/uploads\/2008\/09\/ill_cv013.jpg\" rel=\"highslide\"><img loading=\"lazy\" decoding=\"async\" src=\"http:\/\/www.fondation-pierredubois.ch\/wp-content\/uploads\/2008\/09\/ill_cv013.jpg\" alt=\"Pierre du Bois - Pierre and Irina at the Piroschka restaurant, in Munich, 1980, during their period of&nbsp; sleepless nights at the cabarets for Hungarian gypsy music...\" class=\"aligncenter size-full wp-image-557\" width=\"518\" height=\"427\" srcset=\"https:\/\/www.fondation-pierredubois.ch\/wp-content\/uploads\/2008\/09\/ill_cv013.jpg 518w, https:\/\/www.fondation-pierredubois.ch\/wp-content\/uploads\/2008\/09\/ill_cv013-300x247.jpg 300w\" sizes=\"(max-width: 518px) 100vw, 518px\" \/><\/a><\/p>\n<h1><span style=\"color: #cf1930;\">1978<\/span><\/h1>\n<p>Doctorat en histoire de l\u2019Universit\u00e9 de Lausanne.<\/p>\n<h5><span style=\"color: #cf1930;\"><br \/>\n<\/span><span style=\"color: #cf1930;\">Pierre et Irina au restaurant Piroschka, \u00e0 M\u00fcnich, en 1980. C\u2019est l\u2019\u00e9poque de leurs nuits blanches dans les cabarets de musique tsigane\u2026<\/span><\/h5>\n<hr>\n<hr>\n<p><a href=\"http:\/\/www.fondation-pierredubois.ch\/wp-content\/uploads\/2008\/09\/ill_cv014.jpg\" rel=\"highslide\"><img loading=\"lazy\" decoding=\"async\" src=\"http:\/\/www.fondation-pierredubois.ch\/wp-content\/uploads\/2008\/09\/ill_cv014.jpg\" alt=\"Pierre du Bois - Pierre organises, with Bettina Hurni,&nbsp; one of the most beautiful colloquia on the EFTA from yesterday to tomorrow. Geneva, 25 September 1986 \u00a9Jean Zbinden\" class=\"aligncenter size-full wp-image-558\" width=\"650\" height=\"383\" srcset=\"https:\/\/www.fondation-pierredubois.ch\/wp-content\/uploads\/2008\/09\/ill_cv014.jpg 650w, https:\/\/www.fondation-pierredubois.ch\/wp-content\/uploads\/2008\/09\/ill_cv014-300x177.jpg 300w\" sizes=\"(max-width: 650px) 100vw, 650px\" \/><\/a><\/p>\n<h1><span style=\"color: #cf1930;\">1980 \u2013 1992<\/span><\/h1>\n<p>Professeur \u00e0 l\u2019Institut Universitaire d\u2019Etudes Europ\u00e9ennes de Gen\u00e8ve. Commence \u00e0 se passionner pour l\u2019Europe communautaire, l\u2019histoire de son int\u00e9gration, de son identit\u00e9, l\u2019histoire de ses relations avec la Suisse, de son \u00e9volution, de son \u00e9largissement, l\u2019histoire de l\u2019Europe mon\u00e9taire, l\u2019histoire culturelle. L\u2019Europe deviendra l\u2019un des p\u00f4les principaux de son enseignement, de ses recherches et de ses publications<\/p>\n<h5><span style=\"color: #cf1930;\">Pierre organise, ensemble avec Bettina Hurni, l\u2019un des plus beaux colloques sur L\u2019AELE, d\u2019hier \u00e0 demain \u2013 EFTA from yesterday to tomorrow. Gen\u00e8ve, 25 septembre 1986 \u00a9Jean Zbinden<\/span><\/h5>\n<hr>\n<hr>\n<p><a href=\"http:\/\/www.fondation-pierredubois.ch\/wp-content\/uploads\/2008\/09\/ill_cv015.jpg\" rel=\"highslide\"><img loading=\"lazy\" decoding=\"async\" src=\"http:\/\/www.fondation-pierredubois.ch\/wp-content\/uploads\/2008\/09\/ill_cv015.jpg\" alt=\"Pierre du Bois - Pierre in Zuoz, in Grisons, September 1988\" class=\"aligncenter size-full wp-image-559\" width=\"650\" height=\"468\" srcset=\"https:\/\/www.fondation-pierredubois.ch\/wp-content\/uploads\/2008\/09\/ill_cv015.jpg 650w, https:\/\/www.fondation-pierredubois.ch\/wp-content\/uploads\/2008\/09\/ill_cv015-300x216.jpg 300w\" sizes=\"(max-width: 650px) 100vw, 650px\" \/><\/a><\/p>\n<hr>\n<p><a href=\"http:\/\/www.fondation-pierredubois.ch\/wp-content\/uploads\/2008\/09\/ill_cv016.jpg\" rel=\"highslide\"><img loading=\"lazy\" decoding=\"async\" src=\"http:\/\/www.fondation-pierredubois.ch\/wp-content\/uploads\/2008\/09\/ill_cv016.jpg\" alt=\"Pierre du Bois - Pierre and Irina in Chili in 1992\" class=\"aligncenter size-full wp-image-560\" width=\"650\" height=\"383\" srcset=\"https:\/\/www.fondation-pierredubois.ch\/wp-content\/uploads\/2008\/09\/ill_cv016.jpg 650w, https:\/\/www.fondation-pierredubois.ch\/wp-content\/uploads\/2008\/09\/ill_cv016-300x177.jpg 300w\" sizes=\"(max-width: 650px) 100vw, 650px\" \/><\/a><\/p>\n<h1>1981<\/h1>\n<p>Premier voyage, avec Irina, \u00e0 Sils-Maria, dans les Grisons, dont ils tombent amoureux et o\u00f9 ils retourneront pratiquement chaque ann\u00e9e par la suite.<\/p>\n<p>Passe, avec Irina, quelques semaines aux USA.<\/p>\n<p>Premier voyage en Am\u00e9rique latine, au Mexique. Il se passionnera pour ce continent, pour son histoire et son XX\u00e8me si\u00e8cle tourment\u00e9s, mais aussi pour le c\u00f4t\u00e9 chaleureux de ses habitants, il aimera la langue, la culture, la musique. Il voyagera r\u00e9guli\u00e8rement, seul et avec Irina, en Am\u00e9rique latine et visitera l\u2019Argentine, le Chili, la Colombie, Cuba, l\u2019Equateur, le Paraguay, le P\u00e9rou et l\u2019Uruguay.<\/p>\n<h5><span style=\"color: #cf1930;\">1) Pierre \u00e0 Zuoz, dans les Grisons, ici en septembre 1988<\/span><br \/>\n<span style=\"color: #cf1930;\"> 2) Pierre et Irina au Chili en 1992<\/span><\/h5>\n<hr>\n<h1><span style=\"color: #cf1930;\">1986 \u2013 1994<\/span><\/h1>\n<p>Professeur invit\u00e9 \u00e0 la Diplomatische Akademie \u00e0 Vienne en Autriche.<\/p>\n<hr>\n<hr>\n<p><a href=\"http:\/\/www.fondation-pierredubois.ch\/wp-content\/uploads\/2008\/09\/ill_cv017.jpg\" rel=\"highslide\"><img loading=\"lazy\" decoding=\"async\" src=\"http:\/\/www.fondation-pierredubois.ch\/wp-content\/uploads\/2008\/09\/ill_cv017.jpg\" alt=\"Pierre du Bois - Pierre in Connemara in the Republic of Ireland, 1988\" class=\"aligncenter size-full wp-image-561\" width=\"650\" height=\"465\" srcset=\"https:\/\/www.fondation-pierredubois.ch\/wp-content\/uploads\/2008\/09\/ill_cv017.jpg 650w, https:\/\/www.fondation-pierredubois.ch\/wp-content\/uploads\/2008\/09\/ill_cv017-300x215.jpg 300w\" sizes=\"(max-width: 650px) 100vw, 650px\" \/><\/a><\/p>\n<h1><span style=\"color: #cf1930;\">1986 \u2013 2000<\/span><\/h1>\n<p>Professeur associ\u00e9 \u00e0 l\u2019Universit\u00e9 de Neuch\u00e2tel.<\/p>\n<h5><span style=\"color: #cf1930;\"><br \/>\n<\/span><span style=\"color: #cf1930;\">Pierre au Connemara en R\u00e9publique d\u2019Irlande en 1988<\/span><\/h5>\n<hr>\n<h1><span style=\"color: #cf1930;\">1990 \u2013 2007<\/span><\/h1>\n<p>Professeur invit\u00e9 \u00e0 l\u2019Universit\u00e9 Robert Schuman \u00e0 Strasbourg en France.<\/p>\n<hr>\n<hr>\n<p><a href=\"http:\/\/www.fondation-pierredubois.ch\/wp-content\/uploads\/2008\/09\/ill_cv018.jpg\" rel=\"highslide\"><img loading=\"lazy\" decoding=\"async\" src=\"http:\/\/www.fondation-pierredubois.ch\/wp-content\/uploads\/2008\/09\/ill_cv018.jpg\" alt=\"Pierre du Bois - Pierre in Bucharest, December 1998, during the launch of his book &quot;Ancheta asupra unei ascensiuni: Ceausescu la putere&quot; (with the Swiss Ambassador to Romania, Mr Jean-Claude Joseph)\" class=\"aligncenter size-full wp-image-562\" width=\"415\" height=\"650\" srcset=\"https:\/\/www.fondation-pierredubois.ch\/wp-content\/uploads\/2008\/09\/ill_cv018.jpg 415w, https:\/\/www.fondation-pierredubois.ch\/wp-content\/uploads\/2008\/09\/ill_cv018-192x300.jpg 192w\" sizes=\"(max-width: 415px) 100vw, 415px\" \/><\/a><\/p>\n<h1><span style=\"color: #cf1930;\">1991, 1993 \u2013 2005<\/span><\/h1>\n<p>Professeur \u00e0 l\u2019Universit\u00e9 d\u2019\u00e9t\u00e9 de la Fondation Titulescu\/Minist\u00e8re des affaires \u00e9trang\u00e8res de la Roumanie.<\/p>\n<h5><span style=\"color: #cf1930;\"><br \/>\n<\/span>Pierre \u00e0 Bucarest, en d\u00e9cembre 1998, lors du lancement de son livre \u201cAncheta asupra unei ascensiuni: Ceausescu la <span style=\"color: #cf1930;\">putere<\/span>\u201d (avec l\u2019ambassadeur de Suisse en Roumanie M. Jean-Claude Joseph)<\/h5>\n<hr>\n<hr>\n<p><a href=\"http:\/\/www.fondation-pierredubois.ch\/wp-content\/uploads\/2008\/09\/ill_cv019.jpg\" rel=\"highslide\"><img loading=\"lazy\" decoding=\"async\" src=\"http:\/\/www.fondation-pierredubois.ch\/wp-content\/uploads\/2008\/09\/ill_cv019.jpg\" alt=\"Pierre du Bois - Pierre takes part in a round table in Venice organised by the SEC (Soci\u00e9t\u00e9 europ\u00e9enne de culture) on &quot;La politique de la culture aujourd'hui&quot;., on 20 June 1998. Photo shows Mr R. von Weizs\u00e4cker, former president of the Federal Republic of Germany , Mr V. Capeletti, President of the SEC, Mr P. Costa, Italian Minister of public works, Mr. M. Cacciari, Mayor of Venice \u00a9Sergio Martucci\" class=\"aligncenter size-full wp-image-563\" width=\"650\" height=\"324\" srcset=\"https:\/\/www.fondation-pierredubois.ch\/wp-content\/uploads\/2008\/09\/ill_cv019.jpg 650w, https:\/\/www.fondation-pierredubois.ch\/wp-content\/uploads\/2008\/09\/ill_cv019-300x150.jpg 300w\" sizes=\"(max-width: 650px) 100vw, 650px\" \/><\/a><\/p>\n<hr>\n<p><a href=\"http:\/\/www.fondation-pierredubois.ch\/wp-content\/uploads\/2008\/09\/ill_cv020.jpg\" rel=\"highslide\"><img loading=\"lazy\" decoding=\"async\" src=\"http:\/\/www.fondation-pierredubois.ch\/wp-content\/uploads\/2008\/09\/ill_cv020.jpg\" alt=\"Pierre du Bois - Photo HEI\" class=\"aligncenter size-full wp-image-564\" width=\"650\" height=\"650\" srcset=\"https:\/\/www.fondation-pierredubois.ch\/wp-content\/uploads\/2008\/09\/ill_cv020.jpg 650w, https:\/\/www.fondation-pierredubois.ch\/wp-content\/uploads\/2008\/09\/ill_cv020-150x150.jpg 150w, https:\/\/www.fondation-pierredubois.ch\/wp-content\/uploads\/2008\/09\/ill_cv020-300x300.jpg 300w\" sizes=\"(max-width: 650px) 100vw, 650px\" \/><\/a><\/p>\n<hr>\n<p><a href=\"http:\/\/www.fondation-pierredubois.ch\/wp-content\/uploads\/2008\/09\/ill_cv021.jpg\" rel=\"highslide\"><img loading=\"lazy\" decoding=\"async\" src=\"http:\/\/www.fondation-pierredubois.ch\/wp-content\/uploads\/2008\/09\/ill_cv021.jpg\" alt=\"Pierre du Bois - Pierre and Dr. Laxiang Zheng (from Guangdong), during her thesis examination, 11 July 2006, at the Institut de hautes \u00e9tudes internationales, in Geneva.\" class=\"aligncenter size-full wp-image-565\" width=\"494\" height=\"650\" srcset=\"https:\/\/www.fondation-pierredubois.ch\/wp-content\/uploads\/2008\/09\/ill_cv021.jpg 494w, https:\/\/www.fondation-pierredubois.ch\/wp-content\/uploads\/2008\/09\/ill_cv021-228x300.jpg 228w\" sizes=\"(max-width: 494px) 100vw, 494px\" \/><\/a><\/p>\n<hr>\n<p><a href=\"http:\/\/www.fondation-pierredubois.ch\/wp-content\/uploads\/2008\/09\/ill_cv022.jpg\" rel=\"highslide\"><img loading=\"lazy\" decoding=\"async\" src=\"http:\/\/www.fondation-pierredubois.ch\/wp-content\/uploads\/2008\/09\/ill_cv022.jpg\" alt=\"Pierre du Bois - Pierre and Irina in Venice, 26 December 2006. They returned in April 2007, but this is their last photo taken in Venice\" class=\"aligncenter size-full wp-image-566\" width=\"448\" height=\"545\" srcset=\"https:\/\/www.fondation-pierredubois.ch\/wp-content\/uploads\/2008\/09\/ill_cv022.jpg 448w, https:\/\/www.fondation-pierredubois.ch\/wp-content\/uploads\/2008\/09\/ill_cv022-247x300.jpg 247w\" sizes=\"(max-width: 448px) 100vw, 448px\" \/><\/a><\/p>\n<h1><span style=\"color: #cf1930;\">1992 \u2013 2007<\/span><\/h1>\n<p>Professeur \u00e0 l\u2019Institut Universitaire de Hautes Etudes Internationales (HEI) \u00e0 Gen\u00e8ve. \u201cNos plus belles ann\u00e9es\u201d, Pierre vit l\u2019\u00e9poque la plus faste et la plus fertile de tout point de vue de toute sa vie. Ses recherches en t\u00e9moignent, ses enseignements, la longue liste de ses publications, ses voyages, ses engagements. Il adore l\u2019Institut et ses \u00e9tudiants qui le lui rendent bien. Il est ambitieux pour eux, les soutient et les pousse \u00e0 r\u00e9ussir leurs dipl\u00f4mes, leurs licences, leurs th\u00e8ses, leurs vies.<\/p>\n<p>Il est membre de divers comit\u00e9s directeurs et scientifiques : Association suisse pour Wilton Park (1984-1994), Forum Helveticum (1987-2001, vice-pr\u00e9sident 1992-2001), Rencontres suisses (1987-2001, pr\u00e9sident 1996-2001), Cercle litt\u00e9raire de Lausanne (depuis 1989), Fondation Titulescu (depuis 1990), Soci\u00e9t\u00e9 europ\u00e9enne de culture (depuis 1990), European Community Studies Association (depuis 1995), Europaeum (1995-2001), Fondazione Venezia per la ricerca sulla pace (depuis<\/p>\n<p>1997), Soci\u00e9t\u00e9 d\u2019\u00e9tudes \u00e9conomiques et sociales (depuis 1998), Centro per la diffusione della cultura (depuis 2000), Kommission f\u00fcr die Diplomatichen Dokumente der Schweiz (depuis 2000).<\/p>\n<p>Il est membre de divers comit\u00e9s de r\u00e9daction : Revue d\u2019Allemagne, Dosarele Istoriei, Revue roumaine d\u2019histoire, Relations internationales (co-pr\u00e9sident depuis 1998), Limes, Revue fran\u00e7aise de g\u00e9opolitique, Studia Politica\/Romanian Political Science Review.<\/p>\n<h5><span style=\"color: #cf1930;\">1) Pierre participe \u00e0 Venise, le 20 juin 1998, \u00e0 une Table ronde organis\u00e9e par la SEC (Soci\u00e9t\u00e9 europ\u00e9enne de culture) sur \u201cLa politique de la culture aujourd\u2019hui\u201d. On reconnait MM. R. von Weizs\u00e4cker, ancien pr\u00e9sident de la R\u00e9publique f\u00e9d\u00e9rale de l\u2019Allemagne, V. Capeletti, pr\u00e9sident de la SEC, P. Costa, ministre italien des travaux publics, M. Cacciari, maire de Venise \u00a9Sergio Martucci<\/span><\/h5>\n<h5>2) Photo HEI<\/h5>\n<h5><span style=\"color: #cf1930;\"> 3) Pierre et Dr. Laxiang Zheng (de Guangdong), lors de sa soutenance de th\u00e8se, le 11 juillet 2006, \u00e0 l\u2019Institut de hautes \u00e9tudes internationales, \u00e0 Gen\u00e8ve.<br \/>\n<\/span><br \/>\n<span style=\"color: #cf1930;\"> 4) Pierre et Irina \u00e0 Venise le 26 d\u00e9cembre 2006, ils y retourneront encore en avril 2007, mais c\u2019est leur derni\u00e8re photo prise \u00e0 Venise<\/span><\/h5>\n<hr>\n<hr>\n<p><a href=\"http:\/\/www.fondation-pierredubois.ch\/wp-content\/uploads\/2008\/09\/ill_cadre001.jpg\" rel=\"highslide\"><img loading=\"lazy\" decoding=\"async\" src=\"http:\/\/www.fondation-pierredubois.ch\/wp-content\/uploads\/2008\/09\/ill_cadre001.jpg\" alt=\"Pierre du Bois - Pierre and Dr. Basil Germond, during his thesis examination, 7 May 2007, at the Institut de hautes \u00e9tudes internationales, in Geneva. Basil is the last to obtain his PhD&nbsp; with Pierre.\" class=\"aligncenter size-full wp-image-567\" width=\"650\" height=\"479\" srcset=\"https:\/\/www.fondation-pierredubois.ch\/wp-content\/uploads\/2008\/09\/ill_cadre001.jpg 650w, https:\/\/www.fondation-pierredubois.ch\/wp-content\/uploads\/2008\/09\/ill_cadre001-300x221.jpg 300w\" sizes=\"(max-width: 650px) 100vw, 650px\" \/><\/a><\/p>\n<h1><span style=\"color: #cf1930;\">7 mai 2007<\/span><\/h1>\n<p>Soutenance de th\u00e8se de Basil Germond, HEI, Gen\u00e8ve, dernier \u00e0 obtenir sa th\u00e8se de doctorat avec le professeur Pierre du Bois<\/p>\n<h5><span style=\"color: #cf1930;\"><br \/>\n<\/span><span style=\"color: #cf1930;\">Pierre et Dr. Basil Germond, lors de sa soutenance de th\u00e8se, le 7 mai 2007, \u00e0 l\u2019Institut de hautes \u00e9tudes internationales, \u00e0 Gen\u00e8ve. Basil est le dernier \u00e0 soutenir sa th\u00e8se de doctorat avec Pierre.<\/span><\/h5>\n<hr>\n<h1><span style=\"color: #cf1930;\">23 juin 2007<\/span><\/h1>\n<p>Disparition subite, brutale et inattendue, Pierre est emport\u00e9 par une obstruction coronarienne aigu\u00eb un samedi apr\u00e8s-midi au retour de la piscine, il a 64 ans. Irina perd l\u2019Homme de sa vie.<\/p>\n","protected":false},"excerpt":{"rendered":"<p class=\"excerpt\">1943 Nait le 5 mai \u00e0 Herzogenbuchsee, en Suisse al\u00e9manique, o\u00f9 vivait une grande partie de sa famille. Le 5 mai \u00e9tait aussi le jour de naissance de Karl Marx, ce qui avait, semblait-il, toujours un peu inqui\u00e9t\u00e9 la m\u00e8re de Pierre\u2026 1) Faire-part de naissance 2) Photo prise le 9 mai 1943, Pierre a quatre jours\u2026 <a href=\"https:\/\/www.fondation-pierredubois.ch\/fr\/disparition-du-professeur-pierre-du-bois\/curriculum-vitae\/\">Read more &rarr;<\/a><\/p>\n","protected":false},"author":49,"featured_media":0,"parent":4068,"menu_order":1,"comment_status":"closed","ping_status":"closed","template":"","meta":{"footnotes":""},"class_list":["post-1276","page","type-page","status-publish","hentry","xfolkentry"],"_links":{"self":[{"href":"https:\/\/www.fondation-pierredubois.ch\/fr\/wp-json\/wp\/v2\/pages\/1276","targetHints":{"allow":["GET"]}}],"collection":[{"href":"https:\/\/www.fondation-pierredubois.ch\/fr\/wp-json\/wp\/v2\/pages"}],"about":[{"href":"https:\/\/www.fondation-pierredubois.ch\/fr\/wp-json\/wp\/v2\/types\/page"}],"author":[{"embeddable":true,"href":"https:\/\/www.fondation-pierredubois.ch\/fr\/wp-json\/wp\/v2\/users\/49"}],"replies":[{"embeddable":true,"href":"https:\/\/www.fondation-pierredubois.ch\/fr\/wp-json\/wp\/v2\/comments?post=1276"}],"version-history":[{"count":30,"href":"https:\/\/www.fondation-pierredubois.ch\/fr\/wp-json\/wp\/v2\/pages\/1276\/revisions"}],"predecessor-version":[{"id":15936,"href":"https:\/\/www.fondation-pierredubois.ch\/fr\/wp-json\/wp\/v2\/pages\/1276\/revisions\/15936"}],"up":[{"embeddable":true,"href":"https:\/\/www.fondation-pierredubois.ch\/fr\/wp-json\/wp\/v2\/pages\/4068"}],"wp:attachment":[{"href":"https:\/\/www.fondation-pierredubois.ch\/fr\/wp-json\/wp\/v2\/media?parent=1276"}],"curies":[{"name":"wp","href":"https:\/\/api.w.org\/{rel}","templated":true}]}}