{"version":"1.0","provider_name":"Fondation Pierre du Bois","provider_url":"https:\/\/www.fondation-pierredubois.ch\/fr\/","author_name":"Paul Deshusses","author_url":"https:\/\/www.fondation-pierredubois.ch\/fr\/author\/paul-deshussesgraduateinstitute-ch\/","title":"Hommages - Fondation Pierre du Bois","type":"rich","width":600,"height":338,"html":"<blockquote class=\"wp-embedded-content\" data-secret=\"Wg6lgNX8Fd\"><a href=\"https:\/\/www.fondation-pierredubois.ch\/fr\/disparition-du-professeur-pierre-du-bois\/hommages\/\">Hommages<\/a><\/blockquote><iframe sandbox=\"allow-scripts\" security=\"restricted\" src=\"https:\/\/www.fondation-pierredubois.ch\/fr\/disparition-du-professeur-pierre-du-bois\/hommages\/embed\/#?secret=Wg6lgNX8Fd\" width=\"600\" height=\"338\" title=\"&#8220;Hommages&#8221; &#8212; Fondation Pierre du Bois\" data-secret=\"Wg6lgNX8Fd\" frameborder=\"0\" marginwidth=\"0\" marginheight=\"0\" scrolling=\"no\" class=\"wp-embedded-content\"><\/iframe><script type=\"text\/javascript\">\n\/* <![CDATA[ *\/\n\/*! This file is auto-generated *\/\n!function(d,l){\"use strict\";l.querySelector&&d.addEventListener&&\"undefined\"!=typeof URL&&(d.wp=d.wp||{},d.wp.receiveEmbedMessage||(d.wp.receiveEmbedMessage=function(e){var t=e.data;if((t||t.secret||t.message||t.value)&&!\/[^a-zA-Z0-9]\/.test(t.secret)){for(var s,r,n,a=l.querySelectorAll('iframe[data-secret=\"'+t.secret+'\"]'),o=l.querySelectorAll('blockquote[data-secret=\"'+t.secret+'\"]'),c=new RegExp(\"^https?:$\",\"i\"),i=0;i<o.length;i++)o[i].style.display=\"none\";for(i=0;i<a.length;i++)s=a[i],e.source===s.contentWindow&&(s.removeAttribute(\"style\"),\"height\"===t.message?(1e3<(r=parseInt(t.value,10))?r=1e3:~~r<200&&(r=200),s.height=r):\"link\"===t.message&&(r=new URL(s.getAttribute(\"src\")),n=new URL(t.value),c.test(n.protocol))&&n.host===r.host&&l.activeElement===s&&(d.top.location.href=t.value))}},d.addEventListener(\"message\",d.wp.receiveEmbedMessage,!1),l.addEventListener(\"DOMContentLoaded\",function(){for(var e,t,s=l.querySelectorAll(\"iframe.wp-embedded-content\"),r=0;r<s.length;r++)(t=(e=s[r]).getAttribute(\"data-secret\"))||(t=Math.random().toString(36).substring(2,12),e.src+=\"#?secret=\"+t,e.setAttribute(\"data-secret\",t)),e.contentWindow.postMessage({message:\"ready\",secret:t},\"*\")},!1)))}(window,document);\n\/\/# sourceURL=https:\/\/www.fondation-pierredubois.ch\/wp-includes\/js\/wp-embed.min.js\n\/* ]]> *\/\n<\/script>\n","description":"Philippe Burrin \u00abDisparition du Professeur Pierre du Bois\u00bb, Le Temps, 29 juin 2007. Discours prononc\u00e9 par Mme Irina du Bois C\u00e9r\u00e9monie en hommage \u00e0 M. Pierre du Bois, Professeur \u00e0 l\u2019Institut universitaire de hautes \u00e9tudes internationales, mardi 9 octobre 2007, Institut universitaire de hautes \u00e9tudes internationales. M. Philippe Burrin, directeur, Institut universitaire de hautes \u00e9tudes internationales Mme Marie- Th\u00e9r\u00e8se Bitsch,&hellip; Read more &rarr;"}